{"id":62,"date":"2018-01-26T18:37:23","date_gmt":"2018-01-26T17:37:23","guid":{"rendered":"http:\/\/localhost\/COBA\/?page_id=62"},"modified":"2018-03-05T15:24:13","modified_gmt":"2018-03-05T14:24:13","slug":"les-gorges-de-lardeche","status":"publish","type":"page","link":"https:\/\/www.bateliers.net\/index.php\/les-gorges-de-lardeche\/","title":{"rendered":"Les Gorges de l&rsquo;Ard\u00e8che"},"content":{"rendered":"<!--\r\n<div data-id=\"initial-content-section\" data-export-id=\"initial-content-section\" data-label=\"Initial Content\" id=\"initial-content-section\" class=\"content-section\">\r\n\r\n!-->\r\n<div class=\"gridContainer\">\r\n<div class=\"row\">\r\n<div class=\"col-xs-12 col-sm-12\">\r\n<div class=\"space-bottom-small content-title-col\" data-type=\"column\">\r\n<h2 class=\"\">Les Gorges de l&rsquo;Ard\u00e8che, R\u00e9serve Naturelle Nationale :<\/h2>\r\n<\/div>\r\n&nbsp;\r\n\r\n<style type=\"text\/css\">\r\n      .ombrage {<br \/>\r\n        border: 5px solid #fff;        -moz-box-shadow: 8px 8px 12px #aaa;       -webkit-box-shadow: 8px 8px 12px #aaa;        box-shadow: 8px 8px 12px #555;      }    <\/style><!-- [if lte IE 8]>\r\n\r\n<style type=\"text\/css\">\r\n  .ombrage {<br \/>\r\n   filter:progid:DXImageTransform.Microsoft.Shadow(color='#aaaaaa', Direction=135, Strength=12);<br \/>\r\n   zoom: 1;<br \/>\r\n}<br \/>\r\n<\/style><![endif]-->\r\n<div class=\"row spaced-cols\" data-type=\"row\">\r\n<div class=\"col-xs-6\" data-type=\"column\"><img decoding=\"async\" class=\"ombrage\" src=\"https:\/\/www.bateliers.net\/wp-content\/uploads\/2018\/01\/ARDECH2.jpg\" alt=\"les gorges de l'ard\u00e8che\" \/><\/div>\r\n<div class=\"col-xs-6\" data-type=\"column\">\r\n<h5 class=\"\">\r\n\r\nLES GORGES DE L&rsquo;ARDECHE :<\/h5>\r\n\u00c0 l\u2019abri des Monts du Vivarais, au pied des C\u00e9vennes et des Volcans, l\u2019Ard\u00e8che M\u00e9ridionale \u00e9tale garrigue et paysages de pierre aux gorges profondes. Elle subit une influence climatique m\u00e9diterran\u00e9enne et c\u00e9venole.\r\nCette r\u00e9gion se compose de roche calcaire du Cr\u00e9tac\u00e9, fossilif\u00e8re, constitu\u00e9e de tests d\u2019animaux marins datant d\u2019une \u00e9poque o\u00f9 une mer ( th\u00e9tys ) recouvrait la majeure partie du sud-est de la France.\r\n\r\nElle fait partie de la plate-forme Urgonienne \u00e0 l\u2019origine de toute la garrigue proven\u00e7ale. Cette roche dure, teint\u00e9e d\u2019oxydes, du fait de sa composition chimique(CACO3), est soumise \u00e0 un type d\u2019\u00e9rosion particulier.\r\n\r\nLa dissolution chimique permit la cr\u00e9ation d\u2019un karst, paysage de pierre, doline, lapiaz, clapas et bien s\u00fbr tout un monde souterrainde galeries, grottes et avens avec ses merveilles telles le Pt d\u2019 Arc, l\u2019aven d\u2019Orgnac, la Madeleine, la Combe d\u2019 Arc, les D\u00e9fil\u00e9s de Ruoms, Pa\u00efolive \u2026\r\n\r\nLes Gorges de l\u2019Ard\u00e8che offrent ce paysage min\u00e9ral depuis l\u2019aube de l\u2019humanit\u00e9. Elles accueillirent nos lointains anc\u00eatres de la pr\u00e9histoire et leur offrirent un abri durant les longues p\u00e9riodes glaciaires.\r\n\r\nPuis ce furent les peuples n\u00e9olithique qui \u00e9difi\u00e8rent de nombreux dolmens suivis de la civilisation romaine. Notons aussi, durant la f\u00e9odalit\u00e9, l\u2019implantation des Templiers.\r\n\r\nLe paysage v\u00e9g\u00e9tal est de type m\u00e9diterran\u00e9en. Il sait s\u2019adapter \u00e0 de longues p\u00e9riodes de chaleur et de s\u00e9cheresse mais aussi \u00eatre calcicole, saxicole.\r\nLe ch\u00eane vert, gen\u00e9vrier de Ph\u00e9nicie, alaterne, pistachier t\u00e9r\u00e9binthe\u2026y r\u00e9gentent l\u2019espace. Aphyllante de Montpellier, thym, Val\u00e9riane, cl\u00e9matite petite flamme, ch\u00e8vrefeuille d\u2019Etrurie y exhalent leurs senteurs.\r\n\r\nUne importante faune habite ce riche biotope dont les repr\u00e9sentants les plus prestigieux en sont l\u2019aigle de Bonelli et le circa\u00e8te Jean le blanc. Mais aussi le discret Martin-P\u00eacheur, le cincle plongeur la belle Aigrette et l\u2019Hirondelle rousseline et encore le Castor, la couleuvre de Montpellier\u2026\r\n<h3>Pour en savoir plus sur les Gorges de l\u2019Ard\u00e8che et son environnement<\/h3>\r\n<a href=\"http:\/\/www.gorgesdelardeche.fr\" target=\"_blank\" rel=\"noopener\" class=\"\">Le syndicat de gestion des Gorges de l\u2019Ard\u00e8che<\/a>\r\n\r\n&nbsp;\r\n\r\n<\/div>\r\n<\/div>\r\n<\/div>\r\n<\/div>\r\n<\/div>","protected":false},"excerpt":{"rendered":"<p>Les Gorges de l&rsquo;Ard\u00e8che, R\u00e9serve Naturelle Nationale : &nbsp; LES GORGES DE L&rsquo;ARDECHE : \u00c0 l\u2019abri des Monts du Vivarais, au pied des C\u00e9vennes et des Volcans, l\u2019Ard\u00e8che M\u00e9ridionale \u00e9tale garrigue et paysages de pierre aux gorges profondes. Elle subit une influence climatique m\u00e9diterran\u00e9enne et c\u00e9venole. Cette r\u00e9gion se compose de roche calcaire du Cr\u00e9tac\u00e9,&hellip; <br \/> <a class=\"read-more\" href=\"https:\/\/www.bateliers.net\/index.php\/les-gorges-de-lardeche\/\">Lire la suite<\/a><\/p>\n","protected":false},"author":1,"featured_media":0,"parent":0,"menu_order":0,"comment_status":"closed","ping_status":"closed","template":"pro\/page-templates\/full-width-page.php","meta":[],"_links":{"self":[{"href":"https:\/\/www.bateliers.net\/index.php\/wp-json\/wp\/v2\/pages\/62"}],"collection":[{"href":"https:\/\/www.bateliers.net\/index.php\/wp-json\/wp\/v2\/pages"}],"about":[{"href":"https:\/\/www.bateliers.net\/index.php\/wp-json\/wp\/v2\/types\/page"}],"author":[{"embeddable":true,"href":"https:\/\/www.bateliers.net\/index.php\/wp-json\/wp\/v2\/users\/1"}],"replies":[{"embeddable":true,"href":"https:\/\/www.bateliers.net\/index.php\/wp-json\/wp\/v2\/comments?post=62"}],"version-history":[{"count":12,"href":"https:\/\/www.bateliers.net\/index.php\/wp-json\/wp\/v2\/pages\/62\/revisions"}],"predecessor-version":[{"id":813,"href":"https:\/\/www.bateliers.net\/index.php\/wp-json\/wp\/v2\/pages\/62\/revisions\/813"}],"wp:attachment":[{"href":"https:\/\/www.bateliers.net\/index.php\/wp-json\/wp\/v2\/media?parent=62"}],"curies":[{"name":"wp","href":"https:\/\/api.w.org\/{rel}","templated":true}]}}